{"id":1463,"date":"2016-06-17T23:39:47","date_gmt":"2016-06-17T21:39:47","guid":{"rendered":"https:\/\/terrainweb.sk\/?page_id=1463"},"modified":"2026-03-10T18:21:48","modified_gmt":"2026-03-10T17:21:48","slug":"katarina-melova","status":"publish","type":"page","link":"https:\/\/terrainweb.sk\/?page_id=1463","title":{"rendered":"Katar\u00edna Melov\u00e1"},"content":{"rendered":"<div class=\"fusion-fullwidth fullwidth-box fusion-builder-row-1 nonhundred-percent-fullwidth non-hundred-percent-height-scrolling\" style=\"--awb-background-position:left top;--awb-border-sizes-top:0px;--awb-border-sizes-bottom:0px;--awb-border-sizes-left:0px;--awb-border-sizes-right:0px;--awb-border-radius-top-left:0px;--awb-border-radius-top-right:0px;--awb-border-radius-bottom-right:0px;--awb-border-radius-bottom-left:0px;--awb-padding-top:20px;--awb-padding-bottom:20px;--awb-flex-wrap:wrap;\" ><div class=\"fusion-builder-row fusion-row\"><div class=\"fusion-layout-column fusion_builder_column fusion-builder-column-0 fusion_builder_column_1_3 1_3 fusion-one-third fusion-column-first\" style=\"--awb-bg-size:cover;width:30.6666%; margin-right: 4%;\"><div class=\"fusion-column-wrapper fusion-flex-column-wrapper-legacy\"><div class=\"fusion-image-element in-legacy-container\" style=\"--awb-caption-title-font-family:var(--h2_typography-font-family);--awb-caption-title-font-weight:var(--h2_typography-font-weight);--awb-caption-title-font-style:var(--h2_typography-font-style);--awb-caption-title-size:var(--h2_typography-font-size);--awb-caption-title-transform:var(--h2_typography-text-transform);--awb-caption-title-line-height:var(--h2_typography-line-height);--awb-caption-title-letter-spacing:var(--h2_typography-letter-spacing);\"><span class=\" fusion-imageframe imageframe-none imageframe-1 hover-type-none\"><img decoding=\"async\" width=\"300\" height=\"300\" title=\"kmelova (1)\" src=\"https:\/\/terrainweb.sk\/wp-content\/uploads\/2016\/06\/kmelova-1-300x300.jpg\" alt class=\"img-responsive wp-image-1555\" srcset=\"https:\/\/terrainweb.sk\/wp-content\/uploads\/2016\/06\/kmelova-1-200x200.jpg 200w, https:\/\/terrainweb.sk\/wp-content\/uploads\/2016\/06\/kmelova-1-400x400.jpg 400w, https:\/\/terrainweb.sk\/wp-content\/uploads\/2016\/06\/kmelova-1.jpg 460w\" sizes=\"(max-width: 800px) 100vw, 400px\" \/><\/span><\/div><div class=\"fusion-sep-clear\"><\/div><div class=\"fusion-separator fusion-full-width-sep\" style=\"margin-left: auto;margin-right: auto;margin-top:30px;width:100%;\"><\/div><div class=\"fusion-sep-clear\"><\/div><div class=\"fusion-title title fusion-title-1 fusion-sep-none fusion-title-text fusion-title-size-one\"><h1 class=\"fusion-title-heading title-heading-left\" style=\"margin:0;\"><h1 class=\"title-heading-left\"><strong>Mgr.Katar\u00edna Melov\u00e1<\/strong><\/h1><\/h1><\/div><div class=\"fusion-text fusion-text-1\"><h2 data-fontsize=\"14\" style=\"--fontSize: 14; line-height: 1.5; --minFontSize: 14;\" data-lineheight=\"21px\" class=\"fusion-responsive-typography-calculated\">Diplomovan\u00e1 PW, \u0161peci\u00e1lna pedagogi\u010dka, EMDR terapeutka, absolventka ateli\u00e9ru Arno Stern, absolventka senzomotorickej arteterapie a hlinen\u00e9ho po\u013ea pre deti<\/h2>\n<h2 data-fontsize=\"14\" style=\"--fontSize: 14; line-height: 1.5; --minFontSize: 14;\" data-lineheight=\"21px\" class=\"fusion-responsive-typography-calculated\"> <\/h2>\n<h2 style=\"text-align: center; --fontSize: 14; line-height: 1.5; --minFontSize: 14;\" data-fontsize=\"14\" data-lineheight=\"21px\" class=\"fusion-responsive-typography-calculated\"><em>\u201e Ke\u010f pohneme jednou jedinou vecou v pr\u00edrode, zist\u00edme, \u017ee je prepojen\u00e1 s cel\u00fdm zvy\u0161kom sveta\u201c<\/em><\/h2>\n<h2 style=\"text-align: center; --fontSize: 14; line-height: 1.5; --minFontSize: 14;\" data-fontsize=\"14\" data-lineheight=\"21px\" class=\"fusion-responsive-typography-calculated\"><em>(John Muir)<\/em><\/h2>\n<\/div><div class=\"fusion-clearfix\"><\/div><\/div><\/div><div class=\"fusion-layout-column fusion_builder_column fusion-builder-column-1 fusion_builder_column_2_3 2_3 fusion-two-third fusion-column-last\" style=\"--awb-bg-size:cover;width:65.3333%;\"><div class=\"fusion-column-wrapper fusion-flex-column-wrapper-legacy\"><div class=\"fusion-sep-clear\"><\/div><div class=\"fusion-separator fusion-full-width-sep\" style=\"margin-left: auto;margin-right: auto;margin-top:30px;width:100%;\"><\/div><div class=\"fusion-sep-clear\"><\/div><div class=\"fusion-text fusion-text-2\"><h2 style=\"text-align: justify; --fontSize: 14; line-height: 1.5; --minFontSize: 14;\" data-fontsize=\"14\" data-lineheight=\"21px\" class=\"fusion-responsive-typography-calculated\"><strong>O mne: <\/strong><span style=\"background-color: rgba(0, 0, 0, 0);\">Som spoluzakladate\u013ekou Terrain s.r.o. a Terrain Pro. s.r.o., ktor\u00e1 sa venuje vzdel\u00e1vaniu v oblasti du\u0161evn\u00e9ho zdravia, pravidelne organizuje workshopy a venuje sa i obasti tvorby autorsk\u00fdch terapeutick\u00fdch kariet. Som spoluautorkou kariet: \u201eKe\u010f slon\u00edky c\u00edtia\u201c \u201eRozviazan\u00e9 puto\u201c  a &#8220; Koregula\u010dn\u00fdch kariet pre deti a adolescentov&#8220;. Priniesla som grafick\u00e9 spracovanie kariet o vz\u0165ahoch \u201eMedzi nami\u201c. Nap\u00edsala som kni\u017eku pre deti a rodi\u010dov pod n\u00e1zvom: &#8222;Sen \u00faplnosti&#8220;.<\/span><\/h2>\n<h2 style=\"text-align: justify; --fontSize: 14; line-height: 1.5; --minFontSize: 14;\" data-fontsize=\"14\" data-lineheight=\"21px\" class=\"fusion-responsive-typography-calculated\">\n<p>V roku 2021 som ukon\u010dila dlhodob\u00fd v\u00fdcvik v procesorientovanej psychoterapii (In\u0161tit\u00fat procesorientovanej psychol\u00f3gie v Bratislave) pod z\u00e1\u0161titou u\u010dite\u013eov zo zahrani\u010dia: Ivan Verny, Marianne Verny, Clare Hill, Conor McKenna. <\/p>\n<p><span style=\"background-color: rgba(0, 0, 0, 0);\">Som absolventkou v\u00fdcviku v EMDR pre dospel\u00fdch a EMDR pre deti a adolescentov (Slovensk\u00fd in\u0161tit\u00fat pre psychotraumatol\u00f3giu a EMDR, Tren\u010d\u00edn v spolupr\u00e1ci s Joanne Morris &#8211; Smith), a od roku 2022 som \u010dlenkou EMDR Slovensko. Dlhodobo sa vzdel\u00e1vam v EMDR v oblasti pr\u00e1ce s de\u0165mi a adolescentmi u zahrani\u010dn\u00fdch lektorov.<\/span><\/p>\n<p>Ukon\u010dila som v\u00fdcvik Jeu de peindre Arno Sterna v roku 2019 a venujem sa  Senzomotorickej arteterapii pod veden\u00edm zakladate\u013eky Cornelie Elbrecht (Austr\u00e1lia, 2021- ) kde som ukon\u010dila nieko\u013eko vzdel\u00e1vac\u00edch kurzov. Akt\u00edvne pracujem s de\u0165mi a rodinami.  <\/p>\n<\/h2>\n<h2 style=\"text-align: justify; --fontSize: 14; line-height: 1.5; --minFontSize: 14;\" data-fontsize=\"14\" data-lineheight=\"21px\" class=\"fusion-responsive-typography-calculated\">V minulosti som p\u00f4sobila v poradenskej, terapeutickej a diagnostickej pr\u00e1ci s die\u0165a\u0165om, dospel\u00fdm klientom a rodinn\u00fdm syst\u00e9mom, kde som sa venovala diagnostike a poradenstvu. Po ukon\u010den\u00ed magistersk\u00e9ho \u0161t\u00fadia na UK v Bratislave v odbore \u0161peci\u00e1lna pedagogika som p\u00f4sobila v komunite L Arche v Slovinsku v \u013dub\u013eane a v Inverness v \u0160k\u00f3tsku. <\/h2>\n<p style=\"text-align: justify; --fontSize: 14; line-height: 1.5; --minFontSize: 14;\"><span style=\"background-color: rgba(0, 0, 0, 0); text-align: start;\"><br><\/span><\/p>\n<p style=\"text-align: justify; --fontSize: 14; line-height: 1.5; --minFontSize: 14;\"><span style=\"color: rgb(51, 51, 51); font-family: 'Noto Sans'; font-size: 14px; background-color: rgba(0, 0, 0, 0);\">Aktu\u00e1lne:<\/span><\/p>\n<p style=\"text-align: justify; --fontSize: 14; line-height: 1.5; --minFontSize: 14;\"><span style=\"color: rgb(51, 51, 51); font-family: 'Noto Sans'; font-size: 14px; background-color: rgba(0, 0, 0, 0);\">Zauj\u00edmam sa o pr\u00e1cu s traumou a vyu\u017e\u00edvam umenie a techniky pr\u00e1ce senzomotorickej arteterapie od C. Elbrecht, in\u0161pir\u00e1ciu od A. Stern. Ako d\u00f4le\u017eit\u00e9 pri svojej pr\u00e1ci vn\u00edmam vytvorenie bezpe\u010dn\u00e9ho vz\u0165ahu s die\u0165a\u0165om a rodi\u010dom, otvorenos\u0165 \u010di zvedavos\u0165 k dianiu a schopnos\u0165 vn\u00e1\u0161a\u0165 tvorivos\u0165 do procesu pr\u00e1ce. <\/span><\/p>\n<h2 style=\"text-align: justify; --fontSize: 14; line-height: 1.5; --minFontSize: 14;\" data-fontsize=\"14\" data-lineheight=\"21px\" class=\"fusion-responsive-typography-calculated\">Pri pr\u00e1ci s de\u0165mi rada vyu\u017e\u00edvam pohyb, hranie rol\u00ed a r\u00f4zne projekt\u00edvne techniky (terapeutick\u00e9 pieskovisko, arteterapia). <\/h2>\n<h2 style=\"text-align: justify; --fontSize: 14; line-height: 1.5; --minFontSize: 14;\" data-fontsize=\"14\" data-lineheight=\"21px\" class=\"fusion-responsive-typography-calculated\">V poradenstve rodi\u010d\/die\u0165a pracujem predov\u0161etk\u00fdm s rodi\u010dom a so syst\u00e9mom, ktor\u00fd tvor\u00ed rodina a \u0161ir\u0161ie soci\u00e1lne prostredie, v ktorom sa die\u0165a pohybuje. Na podporenie vz\u0165ahu rodi\u010d a die\u0165a vyu\u017e\u00edvam prvky fili\u00e1lnej terapie (terapia zameran\u00e1 na vz\u0165ah), v\u0161\u00edmavos\u0165 u rodi\u010da pri pr\u00e1ci s videonahr\u00e1vkami a procesorientovan\u00fa psychol\u00f3giu.<\/h2>\n<h2 style=\"text-align: justify; --fontSize: 14; line-height: 1.5; --minFontSize: 14;\" data-fontsize=\"14\" data-lineheight=\"21px\" class=\"fusion-responsive-typography-calculated\">Venujem sa terapeutickej pr\u00e1ci s dospelou klientelou (jednotlivec). Pracujem predov\u0161etk\u00fdm so \u017eenami. V tejto oblasti vych\u00e1dzam z procesorientovanej psychoterapie. Ve\u013emi ma zauj\u00edma pr\u00e1ca s obrazom, pohybom a do pr\u00e1ce vn\u00e1\u0161am r\u00f4zne techniky arteterapie&#8230;<\/h2>\n<h2 style=\"text-align: justify; --fontSize: 14; line-height: 1.5; --minFontSize: 14;\" data-fontsize=\"14\" data-lineheight=\"21px\" class=\"fusion-responsive-typography-calculated\">Ver\u00edm a moja pr\u00e1ca mi to potvrdzuje, \u017ee v ka\u017edom probl\u00e9me a vyru\u0161en\u00ed sa skr\u00fdva nov\u00fd potenci\u00e1l a nie\u010do, \u010do chce r\u00e1s\u0165 &#8211; chce by\u0165 objaven\u00e9 a \u017eit\u00e9 viac vedome.<\/h2>\n<h2 style=\"text-align: justify; --fontSize: 14; line-height: 1.5; --minFontSize: 14;\" data-fontsize=\"14\" data-lineheight=\"21px\" class=\"fusion-responsive-typography-calculated\"><strong>Zo \u0161t\u00fadi\u00ed a pracovn\u00fdch sk\u00fasenost\u00ed: <\/strong>Po\u010das vysoko\u0161kolsk\u00e9ho \u0161t\u00fadia v Bratislave som str\u00e1vila nieko\u013eko semestrov v medzin\u00e1rodnej organiz\u00e1cii L Arche v Slovinsku. Zariadenia komunitn\u00e9ho typu boli podkladom k mojej diplomovej pr\u00e1ci, ako i snom za ktor\u00fdm som kr\u00e1\u010dala nesk\u00f4r po ukon\u010den\u00ed \u0161t\u00fadia (pr\u00e1ca s dospelou klientelou v L Arche Inverness\/Scotland a opakovane v L Arche Medvode\/Slovinsko). V poslednom ro\u010dn\u00edku na vysokej \u0161kole som pracovala v autistick\u00fdch experiment\u00e1lnych triedach v Bratislave, kde som sa zozn\u00e1mila s viacer\u00fdmi odborn\u00edkmi v oblasti autizmu. N\u00e1sledne som sa nieko\u013eko rokov venovala tejto oblasti (diagnostika, terapia, poradenstvo a pr\u00e1ca s rodinou) v organiz\u00e1ci\u00e1ch v Bratislave, \u017diline a Martine. Po \u010dase som sa op\u00e4\u0165 vr\u00e1tila do zahrani\u010dia, kde som pracovala v projektoch chr\u00e1nen\u00e9ho b\u00fdvania Sense of Scotland\/Inverness. Moj\u00edm kon\u00ed\u010dkom v tom obdob\u00ed bolo cestovanie a darilo sa mi to \u00faspe\u0161ne  sk\u013abi\u0165 so svojou pr\u00e1cou. Naplnila som si mnoh\u00e9 moje cestovate\u013esk\u00e9 sny.<\/h2>\n<h2 style=\"text-align: justify; --fontSize: 14; line-height: 1.5; --minFontSize: 14;\" data-fontsize=\"14\" data-lineheight=\"21px\" class=\"fusion-responsive-typography-calculated\">Po n\u00e1vrate, som 6 rokov pracovala  v SC\u0160SP (teraz SCPP) v \u017diline, \u010do mi dalo z\u00e1klady v oblasti diagnostiky det\u00ed a pr\u00e1ce s rodinn\u00fdm syst\u00e9mom a z\u00e1rove\u0148 to bol tak\u00fd odrazov\u00fd most\u00edk k tvorbe vlastnej praxe, psychoterapii a odvahe sn\u00edva\u0165 svoje sny. V r. 2014 som s kolegy\u0148ou Jankou zalo\u017eila o.z a nesk\u00f4r Terrain, v ktorom doteraz p\u00f4sob\u00edm ako terapeutka.<\/h2>\n<h2 style=\"text-align: justify; --fontSize: 14; line-height: 1.5; --minFontSize: 14;\" data-fontsize=\"14\" data-lineheight=\"21px\" class=\"fusion-responsive-typography-calculated\"><strong>V osobnom \u017eivote<\/strong> rada objavujem nov\u00e9 miesta, fotografujem, tr\u00e1vim \u010das v pr\u00edrode a te\u0161\u00edm zo svojho psa. Venujem sa tvorbe: lino, \u0161perk, n\u00e1vrhy autorsk\u00fdch kariet. Proces tvorby ma nesmierne zauj\u00edma a in\u0161piruje. Dlhodobo sa zauj\u00edmam o st\u00ed\u0161enie mysle, bytie \u201etu a teraz\u201c, cvi\u010d\u00edm <span class=\"st\">\u010cung j\u00fcan <em>\u010dchi kung.<\/em><\/span><\/h2>\n<h2 style=\"text-align: justify; --fontSize: 14; line-height: 1.5; --minFontSize: 14;\" data-fontsize=\"14\" data-lineheight=\"21px\" class=\"fusion-responsive-typography-calculated\"><strong>Psychoterapeutick\u00e9\/ terapeutick\u00e9 vzdelanie:<\/strong><br>Dlhodob\u00fd v\u00fdcvik v procesorientovanej psychoterapii, Bratislava,  r. 2012 \u2013 2022<\/h2>\n<h2 data-fontsize=\"14\" style=\"--fontSize: 14; line-height: 1.5; --minFontSize: 14;\" data-lineheight=\"21px\" class=\"fusion-responsive-typography-calculated\">EMDR v\u00fdcvik (Slovensk\u00fd in\u0161tit\u00fat pre psychotraumatol\u00f3giu a EMDR, Tren\u010d\u00edn), r. 2021-2022<\/h2>\n<h2 style=\"text-align: justify; --fontSize: 14; line-height: 1.5; --minFontSize: 14;\" data-fontsize=\"14\" data-lineheight=\"21px\" class=\"fusion-responsive-typography-calculated\">Ateli\u00e9r Arna Sterna, r. 2019 &#8211; 2020, Praha<\/h2>\n<h2 data-fontsize=\"14\" style=\"--fontSize: 14; line-height: 1.5; --minFontSize: 14;\" data-lineheight=\"21px\" class=\"fusion-responsive-typography-calculated\"><strong>Kr\u00e1tkodob\u00e9 kurzy a vzdel\u00e1vania<\/strong>: R\u00f4zne kurzy zahrani\u010dn\u00fdch odborn\u00edkov so zameran\u00edm na pr\u00e1cu s traumou a arteterapiu: Cornelia Elbrecht, A. Gomez, Rene\u00e9 Marks..<\/h2>\n<h2 data-fontsize=\"14\" style=\"--fontSize: 14; line-height: 1.5; --minFontSize: 14;\" data-lineheight=\"21px\" class=\"fusion-responsive-typography-calculated\">Sandplay, sandtray, Mgr. Tr\u00edlet\u00e1, apr\u00edl, \u017dilina, 2016<\/h2>\n<h2 data-fontsize=\"14\" style=\"--fontSize: 14; line-height: 1.5; --minFontSize: 14;\" data-lineheight=\"21px\" class=\"fusion-responsive-typography-calculated\">Fili\u00e1lna terapia, r. 2010<\/h2>\n<h2 style=\"text-align: justify; --fontSize: 14; line-height: 1.5; --minFontSize: 14;\" data-fontsize=\"14\" data-lineheight=\"21px\" class=\"fusion-responsive-typography-calculated\">Biofeedback &#8211; brainfeedback, (Asociace pro aplikovanou psychofyziologii a biofeedback \u010cR, Praha), r 2009- 2010<\/h2>\n<h2 style=\"text-align: justify; --fontSize: 14; line-height: 1.5; --minFontSize: 14;\" data-fontsize=\"14\" data-lineheight=\"21px\" class=\"fusion-responsive-typography-calculated\">HRV biofeedback (redukcia stresu a nap\u00e4tia), Bansk\u00e1 Bystrica,r. 2011<\/h2>\n<h2 style=\"text-align: justify; --fontSize: 14; line-height: 1.5; --minFontSize: 14;\" data-fontsize=\"14\" data-lineheight=\"21px\" class=\"fusion-responsive-typography-calculated\">Arteterapia, Bratislava, 2003<\/h2>\n<h2 data-fontsize=\"14\" style=\"--fontSize: 14; line-height: 1.5; --minFontSize: 14;\" data-lineheight=\"21px\" class=\"fusion-responsive-typography-calculated\">Pr\u00e1ca s terapeutick\u00fdmi kartami, \u017dilina, 2016<\/h2>\n<h2 data-fontsize=\"14\" style=\"--fontSize: 14; line-height: 1.5; --minFontSize: 14;\" data-lineheight=\"21px\" class=\"fusion-responsive-typography-calculated\">Rodinn\u00e1 doska \u2013 Famielienbrett, \u017dilina, 2015<\/h2>\n<h2 data-fontsize=\"14\" style=\"--fontSize: 14; line-height: 1.5; --minFontSize: 14;\" data-lineheight=\"21px\" class=\"fusion-responsive-typography-calculated\">Sc\u00e9notest \u2013 diagnostika a terapia, okt\u00f3ber 2010<\/h2>\n<h2 data-fontsize=\"14\" style=\"--fontSize: 14; line-height: 1.5; --minFontSize: 14;\" data-lineheight=\"21px\" class=\"fusion-responsive-typography-calculated\">Test stromu, Z. Altman, Bratislava, m\u00e1j 2010<\/h2>\n<h2 data-fontsize=\"14\" style=\"--fontSize: 14; line-height: 1.5; --minFontSize: 14;\" data-lineheight=\"21px\" class=\"fusion-responsive-typography-calculated\">R\u00f4zne kr\u00e1tkodob\u00e9 tr\u00e9ningy: Tr\u00e9ning in\u0161trument\u00e1rneho obohacovania Reuvena Feuersteina I., Cogito, Centrum kognitivn\u00ed edukace Praha, r. 2012, <span style=\"background-color: rgba(0, 0, 0, 0);\">NPP \u0161kolsk\u00fd program, In\u0161tit\u00fat psychoterapie a socioterapie, r. 2012, <\/span><span style=\"background-color: rgba(0, 0, 0, 0);\">Deficity diel\u010d\u00edch funkci\u00ed, \u00favod do diagnostiky \u2013 Sindel\u00e1rov\u00e1, Bratislava, r. 2010, <\/span><span style=\"background-color: rgba(0, 0, 0, 0);\">Diagnostika Aspergerovho syndr\u00f3mu, Trnava, r. 2012, <\/span><span style=\"background-color: rgba(0, 0, 0, 0);\">Diagnostika det\u00ed s PAS, APLA, Praha r. 2010, <\/span><span style=\"background-color: rgba(0, 0, 0, 0);\">CARS, APLA, Praha, r. 2011, <\/span><span style=\"background-color: rgba(0, 0, 0, 0);\">Aspergerov syndrom, Lenoris, Trnava, r. 2006, <\/span><span style=\"background-color: rgba(0, 0, 0, 0);\">Detsk\u00fd autizmus, Trnava, r. 2006<\/span><\/h2>\n<h2 data-fontsize=\"14\" style=\"--fontSize: 14; line-height: 1.5; --minFontSize: 14;\" data-lineheight=\"21px\" class=\"fusion-responsive-typography-calculated\"><strong>Jazky:<\/strong><br>slovensk\u00fd a anglick\u00fd jazyk<\/h2>\n<h2 data-fontsize=\"14\" style=\"--fontSize: 14; line-height: 1.5; --minFontSize: 14;\" data-lineheight=\"21px\" class=\"fusion-responsive-typography-calculated\"><strong>Lektorsk\u00e9 sk\u00fasenosti:<\/strong><br>Lektorovanie v projektov\u00fdch aktivit\u00e1ch : \u00dania centier prevencie a pomoci<br>Lektorovanie rodi\u010dovsk\u00fdch skup\u00edn (v\u00fdvin die\u0165a\u0165a, pr\u00e1ca s rodinou, rodina s die\u0165a\u0165om s autizmom) a \u0161kolsk\u00fdch \u0161peci\u00e1lnych pedag\u00f3gov<\/h2>\n<h2 style=\"text-align: justify; --fontSize: 14; line-height: 1.5; --minFontSize: 14;\" data-fontsize=\"14\" data-lineheight=\"21px\" class=\"fusion-responsive-typography-calculated\"><strong>Vysoko\u0161kolsk\u00e9 vzdelanie:<\/strong><br>Pedagogick\u00e1 fakulta Univerzity Komensk\u00e9ho, Bratislava, 1998 \u2013 2003, \u0161peci\u00e1lna pedagogika, denn\u00e9 magistersk\u00e9 \u0161t\u00fadium<\/h2>\n<h2 style=\"text-align: justify; --fontSize: 14; line-height: 1.5; --minFontSize: 14;\" data-fontsize=\"14\" data-lineheight=\"21px\" class=\"fusion-responsive-typography-calculated\"><br><\/h2>\n<\/div><div class=\"fusion-clearfix\"><\/div><\/div><\/div><\/div><\/div><div class=\"fusion-fullwidth fullwidth-box fusion-builder-row-2 fusion-flex-container nonhundred-percent-fullwidth non-hundred-percent-height-scrolling\" style=\"--awb-border-radius-top-left:0px;--awb-border-radius-top-right:0px;--awb-border-radius-bottom-right:0px;--awb-border-radius-bottom-left:0px;--awb-flex-wrap:wrap;\" ><div class=\"fusion-builder-row fusion-row fusion-flex-align-items-flex-start fusion-flex-content-wrap\" style=\"max-width:1144px;margin-left: calc(-4% \/ 2 );margin-right: calc(-4% \/ 2 );\"><div class=\"fusion-layout-column fusion_builder_column fusion-builder-column-2 fusion_builder_column_1_1 1_1 fusion-flex-column\" style=\"--awb-bg-size:cover;--awb-width-large:100%;--awb-margin-top-large:0px;--awb-spacing-right-large:1.92%;--awb-margin-bottom-large:0px;--awb-spacing-left-large:1.92%;--awb-width-medium:100%;--awb-spacing-right-medium:1.92%;--awb-spacing-left-medium:1.92%;--awb-width-small:100%;--awb-spacing-right-small:1.92%;--awb-spacing-left-small:1.92%;\"><div class=\"fusion-column-wrapper fusion-flex-justify-content-flex-start fusion-content-layout-column\"><div class=\"fusion-text fusion-text-3\"><\/p>\n<\/div><\/div><\/div><\/div><\/div>","protected":false},"excerpt":{"rendered":"","protected":false},"author":1,"featured_media":0,"parent":0,"menu_order":0,"comment_status":"closed","ping_status":"closed","template":"","meta":{"footnotes":""},"class_list":["post-1463","page","type-page","status-publish","hentry"],"_links":{"self":[{"href":"https:\/\/terrainweb.sk\/index.php?rest_route=\/wp\/v2\/pages\/1463","targetHints":{"allow":["GET"]}}],"collection":[{"href":"https:\/\/terrainweb.sk\/index.php?rest_route=\/wp\/v2\/pages"}],"about":[{"href":"https:\/\/terrainweb.sk\/index.php?rest_route=\/wp\/v2\/types\/page"}],"author":[{"embeddable":true,"href":"https:\/\/terrainweb.sk\/index.php?rest_route=\/wp\/v2\/users\/1"}],"replies":[{"embeddable":true,"href":"https:\/\/terrainweb.sk\/index.php?rest_route=%2Fwp%2Fv2%2Fcomments&post=1463"}],"version-history":[{"count":3,"href":"https:\/\/terrainweb.sk\/index.php?rest_route=\/wp\/v2\/pages\/1463\/revisions"}],"predecessor-version":[{"id":2892,"href":"https:\/\/terrainweb.sk\/index.php?rest_route=\/wp\/v2\/pages\/1463\/revisions\/2892"}],"wp:attachment":[{"href":"https:\/\/terrainweb.sk\/index.php?rest_route=%2Fwp%2Fv2%2Fmedia&parent=1463"}],"curies":[{"name":"wp","href":"https:\/\/api.w.org\/{rel}","templated":true}]}}