{"id":2405,"date":"2019-12-16T11:51:19","date_gmt":"2019-12-16T10:51:19","guid":{"rendered":"https:\/\/terrainweb.sk\/?post_type=mec-events&#038;p=2405"},"modified":"2020-01-30T09:35:15","modified_gmt":"2020-01-30T08:35:15","slug":"ako-porozumiet-emociam-pomocou-arteterapie-2","status":"publish","type":"mec-events","link":"https:\/\/terrainweb.sk\/?mec-events=ako-porozumiet-emociam-pomocou-arteterapie-2","title":{"rendered":"Ako porozumie\u0165 em\u00f3ci\u00e1m pomocou arteterapie"},"content":{"rendered":"<div class=\"gs\">\n<div class=\"\">\n<div id=\":8t\" class=\"ii gt\">\n<div id=\":8s\" class=\"a3s aXjCH \">\n<div dir=\"ltr\">\n<div>\n<p><a href=\"https:\/\/docs.google.com\/forms\/d\/e\/1FAIpQLSeN86ZUzXt90YmCmtFa4KRiOttAHkulPU3P77JjoDk3oHhP4Q\/viewform\">online prihl\u00e1senie TU:<\/a><\/p>\n<p>&nbsp;<\/p>\n<p>&nbsp;<\/p>\n<p>V arteterapii sa vu\u017e\u00edvaj\u00fa r\u00f4zne v\u00fdtvarn\u00e9 m\u00e9di\u00e1 ako prostriedok na sebavyjadrenie a komunik\u00e1ciu neverb\u00e1lnym sp\u00f4sobom. V\u010faka tomu sa m\u00f4\u017eeme pribl\u00ed\u017ei\u0165 aj k tak\u00fdm emocion\u00e1lnym z\u00e1\u017eitkom a obsahom, ktor\u00e9 s\u00fa pre n\u00e1s skryt\u00e9, nezrozumite\u013en\u00e9, p\u00f4sobia stresuj\u00faco alebo vy\u010derp\u00e1vaj\u00faco.<br \/>\nPre t\u00fdch, \u010do nevedia priamo vyjadri\u0165 svoje pocity, nevedia ich op\u00edsa\u0165, pomenova\u0165 a preto maj\u00fa \u0165a\u017ekosti ich spracova\u0165 m\u00f4\u017ee by\u0165 vyjadrenie pomocou kresby oslobodzuj\u00face a uvo\u013e\u0148uj\u00face.<br \/>\nV r\u00e1mci kurzu bud\u00fa z\u00e1\u017eitkovou formou predstaven\u00e9 r\u00f4zne arteterapeutick\u00e9 aktivity zameran\u00e9 na porozumenie z\u00e1kladn\u00fdm em\u00f3ci\u00e1m \u2013 ako ich vn\u00edmame, pre\u017e\u00edvame, vyjadrujeme\u2026<\/p>\n<p>Cie\u013eov\u00e1 skupina<br \/>\nKurz je ur\u010den\u00fd pracovn\u00edkom a pracovn\u00ed\u010dkam z radov tzv. pom\u00e1haj\u00facich profesi\u00ed ako aj \u0161tudentom a \u0161tudentk\u00e1m pr\u00edslu\u0161n\u00fdch odborov, ktor\u00ed sa chc\u00fa o arteterapii dozvedie\u0165 viac a vyu\u017ei\u0165 svoje sk\u00fasenosti alebo poznatky ako in\u0161pir\u00e1ciu pre svoju pr\u00e1cu alebo osobnostn\u00fd rast.<br \/>\nNepo\u017eaduj\u00fa sa v\u00fdtvarn\u00e9 schopnosti ani sk\u00fasenosti s v\u00fdtvarnou tvorbou.<\/p>\n<p>Miesto: \u0160tef\u00e1nikova 34, \u017dilina<br \/>\n\u010cas: 7.3.2020, za\u010diatok o 9.00 a koniec o 18.00 hod.<br \/>\nCena: 55 \u20ac (v pr\u00edpade prihl\u00e1senia a \u00fahrade poplatku do 21.2.2020). \u00dahrada nesk\u00f4r\u2013 70 \u20ac.<br \/>\nMaxim\u00e1lny po\u010det \u00fa\u010dastn\u00edkov: 12<br \/>\nKredity na Slovensk\u00fa komoru psychol\u00f3gov s\u00fa v procese akredit\u00e1cie.<\/p>\n<p>Teoretick\u00e1 \u010das\u0165:<br \/>\n\u2013 Vymedzenie arteterapie (arteterapia, artefiletika, arte psychoterapia)<br \/>\n\u2013 Formy arteterapie (individu\u00e1lna, p\u00e1rov\u00e1, skupinov\u00e1; produkt\u00edvna, recept\u00edvna; spont\u00e1nna, tematick\u00e1 tvorba)<br \/>\n\u2013 Mo\u017enosti vyu\u017eitia arteterapie v emocion\u00e1lnej oblasti<\/p>\n<p>Z\u00e1\u017eitkov\u00e1 \u010das\u0165:<br \/>\n\uf0b7 V\u00fdtvarn\u00e9 spracovanie r\u00f4znych em\u00f3ci\u00ed<br \/>\n\uf0b7 Em\u00f3cie vo farb\u00e1ch a tvaroch<br \/>\nAktivity za\u010d\u00ednaj\u00fa zadan\u00edm t\u00e9my a po dostato\u010dnom \u010dase na tvoriv\u00fd proces nasleduje reflexia k vytvoren\u00fdm<br \/>\ndielam. V\u00fdsledn\u00e9 diela nehodnot\u00edme z estetick\u00e9ho h\u013eadiska, ale d\u00f4le\u017eit\u00e9 je ako tvor\u00edme, \u010do pri tom pre\u017e\u00edvame<br \/>\na ako sa to dot\u00fdka n\u00e1\u0161ho \u017eivota.<\/p>\n<p>Z\u00edskate:<br \/>\n\u2013 lep\u0161ie porozumenie vlastn\u00fdm em\u00f3ci\u00e1m cez z\u00e1\u017eitok na sebe \u2013 a t\u00fdm aj porozumenie pre klientov a klientky<br \/>\n\u2013 sk\u00fasenos\u0165 s arteterapeutick\u00fdmi technikami a arteterapeutick\u00fdm procesom v skupine, ktor\u00e9 budete m\u00f4c\u0165 vyu\u017ei\u0165 vo svojej praxi<br \/>\n\u2013 osved\u010denie o \u00fa\u010dasti<\/p>\n<p>Lektorka: Mgr. Katar\u00edna Mihinov\u00e1 \u2013 poradensk\u00e1 psychologi\u010dka. Venuje sa arteterapii, organizuje odborn\u00e9 kurzy pre pom\u00e1haj\u00face profesie a spravuje str\u00e1nky <a href=\"http:\/\/www.i-psychologia.sk\/\" target=\"_blank\" rel=\"noopener noreferrer\" data-saferedirecturl=\"https:\/\/www.google.com\/url?q=http:\/\/www.i-psychologia.sk&amp;source=gmail&amp;ust=1576576531236000&amp;usg=AFQjCNGScAyJlBnITwAiyUlNee-KS9AR0A\">www.i-psychologia.sk<\/a>. Z oblasti arteterapie absolvovala Systematick\u00e9 kurzy arteterapie u p. Nov\u00e1kovej a v spolo\u010dnosti Artter, arteteterapeutick\u00e9 semin\u00e1re u Beate Albrich, Evy F\u00e1rkovej, Marie Lhotovej, Milana Kyzoura a Ladislava Holuba, Ji\u0159\u00edho Kokrdu, Miroslava Huptycha, Alexandry Dzurekovej, man\u017eelov Koptov\u00fdch, Eileen McGann a Foundation in Art Therapy Course organizovan\u00fd Britskou arteterapeutickou asoci\u00e1ciou v Lond\u00fdne. M\u00e1 ukon\u010den\u00fd v\u00fdcvik v Symbol terapii, absolvovala semin\u00e1re KIP a aktu\u00e1lne sa vzdel\u00e1va v Dlhodobom muzikoterapeutickom kurze pod veden\u00edm Mateja Lipsk\u00e9ho. Arteterapii sa venuje v r\u00e1mci zdru\u017eenia Artea (<a href=\"http:\/\/www.arte-terapia.sk\/\" target=\"_blank\" rel=\"noopener noreferrer\" data-saferedirecturl=\"https:\/\/www.google.com\/url?q=http:\/\/www.arte-terapia.sk&amp;source=gmail&amp;ust=1576576531236000&amp;usg=AFQjCNGklk0yY_Y4KuuS5L4es7GRPvCIow\">www.arte-terapia.sk<\/a>) \u2013 spoluorganizuje medzin\u00e1rodn\u00fa arteterapeutick\u00fa konferenciu a in\u00e9 odborn\u00e9 podujatia, lektorsky vedie vzdel\u00e1vacie akcie, workshopy, sebask\u00fasenostn\u00e9 skupiny r\u00f4zneho zamerania pre dospel\u00fdch (napr. vz\u0165ahy, em\u00f3cie, rie\u0161enie probl\u00e9mov, zdroje z detstva). V r\u00e1mci arteterapeutick\u00fdch projektov spolupracovala s Mestskou kni\u017enicou Bratislava a Gal\u00e9riou mesta Bratislava.<\/p>\n<p>&nbsp;<\/p>\n<\/div>\n<\/div>\n<p class=\"adL\">\n<\/div>\n<\/div>\n<p class=\"hi\">\n<\/div>\n<\/div>\n","protected":false},"excerpt":{"rendered":"<p>online prihl\u00e1senie TU: &nbsp; &nbsp; V arteterapii sa vu\u017e\u00edvaj\u00fa r\u00f4zne v\u00fdtvarn\u00e9 m\u00e9di\u00e1 ako prostriedok na sebavyjadrenie a komunik\u00e1ciu neverb\u00e1lnym sp\u00f4sobom. V\u010faka tomu sa m\u00f4\u017eeme pribl\u00ed\u017ei\u0165 aj k tak\u00fdm emocion\u00e1lnym z\u00e1\u017eitkom a obsahom, ktor\u00e9 s\u00fa pre n\u00e1s skryt\u00e9, nezrozumite\u013en\u00e9, p\u00f4sobia stresuj\u00faco alebo vy\u010derp\u00e1vaj\u00faco. Pre t\u00fdch, \u010do nevedia priamo vyjadri\u0165 svoje pocity, nevedia ich op\u00edsa\u0165, pomenova\u0165 a  [&#8230;]<\/p>\n","protected":false},"author":1,"featured_media":1645,"comment_status":"open","ping_status":"closed","template":"","tags":[],"mec_category":[],"class_list":["post-2405","mec-events","type-mec-events","status-publish","has-post-thumbnail","hentry"],"_links":{"self":[{"href":"https:\/\/terrainweb.sk\/index.php?rest_route=\/wp\/v2\/mec-events\/2405","targetHints":{"allow":["GET"]}}],"collection":[{"href":"https:\/\/terrainweb.sk\/index.php?rest_route=\/wp\/v2\/mec-events"}],"about":[{"href":"https:\/\/terrainweb.sk\/index.php?rest_route=\/wp\/v2\/types\/mec-events"}],"author":[{"embeddable":true,"href":"https:\/\/terrainweb.sk\/index.php?rest_route=\/wp\/v2\/users\/1"}],"replies":[{"embeddable":true,"href":"https:\/\/terrainweb.sk\/index.php?rest_route=%2Fwp%2Fv2%2Fcomments&post=2405"}],"wp:featuredmedia":[{"embeddable":true,"href":"https:\/\/terrainweb.sk\/index.php?rest_route=\/wp\/v2\/media\/1645"}],"wp:attachment":[{"href":"https:\/\/terrainweb.sk\/index.php?rest_route=%2Fwp%2Fv2%2Fmedia&parent=2405"}],"wp:term":[{"taxonomy":"post_tag","embeddable":true,"href":"https:\/\/terrainweb.sk\/index.php?rest_route=%2Fwp%2Fv2%2Ftags&post=2405"},{"taxonomy":"mec_category","embeddable":true,"href":"https:\/\/terrainweb.sk\/index.php?rest_route=%2Fwp%2Fv2%2Fmec_category&post=2405"}],"curies":[{"name":"wp","href":"https:\/\/api.w.org\/{rel}","templated":true}]}}